{"id":422,"date":"2024-01-31T13:01:12","date_gmt":"2024-01-31T13:01:12","guid":{"rendered":"https:\/\/eventos.flad.pt\/?page_id=422"},"modified":"2024-01-31T13:05:57","modified_gmt":"2024-01-31T13:05:57","slug":"politica-de-privacidade","status":"publish","type":"page","link":"https:\/\/eventos.flad.pt\/en\/politica-de-privacidade\/","title":{"rendered":"Pol\u00edtica de Privacidade"},"content":{"rendered":"<p>[et_pb_section fb_built=&#8221;1&#8243; admin_label=&#8221;Header&#8221; _builder_version=&#8221;4.24.0&#8243; _module_preset=&#8221;default&#8221; background_enable_color=&#8221;off&#8221; use_background_color_gradient=&#8221;on&#8221; background_color_gradient_stops=&#8221;rgba(255,0,0,0.41) 0em|rgba(255,0,0,0.45) 100em&#8221; background_color_gradient_unit=&#8221;em&#8221; background_color_gradient_overlays_image=&#8221;on&#8221; background_image=&#8221;https:\/\/eventos.flad.pt\/wp-content\/uploads\/2024\/01\/FLAD-DSCF2114_BAIXA-1.jpg&#8221; parallax=&#8221;on&#8221; custom_padding=&#8221;503px||0px|||&#8221; border_color_all=&#8221;#000000&#8243; border_width_bottom=&#8221;8px&#8221; locked=&#8221;off&#8221; collapsed=&#8221;on&#8221; global_colors_info=&#8221;{}&#8221;][et_pb_row _builder_version=&#8221;4.24.0&#8243; _module_preset=&#8221;default&#8221; background_enable_color=&#8221;off&#8221; width=&#8221;90%&#8221; max_width=&#8221;none&#8221; custom_margin=&#8221;-320px|auto||auto||&#8221; custom_padding=&#8221;10px||31px|||&#8221; global_colors_info=&#8221;{}&#8221;][et_pb_column type=&#8221;4_4&#8243; _builder_version=&#8221;4.20.0&#8243; _module_preset=&#8221;default&#8221; global_colors_info=&#8221;{}&#8221;][et_pb_text _builder_version=&#8221;4.24.0&#8243; _module_preset=&#8221;default&#8221; header_font=&#8221;Frank Ruhl Libre||||||||&#8221; header_2_font=&#8221;Frank Ruhl Libre|900|||||||&#8221; header_2_text_color=&#8221;#FFFFFF&#8221; header_2_font_size=&#8221;40px&#8221; global_colors_info=&#8221;{}&#8221;]<\/p>\n<h2 style=\"text-align: right;\">Pol\u00edtica de Privacidade<\/h2>\n<p>[\/et_pb_text][\/et_pb_column][\/et_pb_row][\/et_pb_section][et_pb_section fb_built=&#8221;1&#8243; _builder_version=&#8221;4.24.0&#8243; _module_preset=&#8221;default&#8221; global_colors_info=&#8221;{}&#8221;][et_pb_row _builder_version=&#8221;4.24.0&#8243; _module_preset=&#8221;default&#8221; global_colors_info=&#8221;{}&#8221;][et_pb_column type=&#8221;4_4&#8243; _builder_version=&#8221;4.24.0&#8243; _module_preset=&#8221;default&#8221; global_colors_info=&#8221;{}&#8221;][et_pb_text _builder_version=&#8221;4.24.0&#8243; _module_preset=&#8221;default&#8221; text_font=&#8221;Assistant||||||||&#8221; text_font_size=&#8221;15px&#8221; header_font=&#8221;Frank Ruhl Libre||||||||&#8221; header_3_font=&#8221;Frank Ruhl Libre||||||||&#8221; header_4_font=&#8221;Frank Ruhl Libre||||||||&#8221; global_colors_info=&#8221;{}&#8221;]<\/p>\n<div class=\"post-title-wrapper\">\n<h1 class=\"post-title\">Pol\u00edtica de Privacidade e Cookies<\/h1>\n<\/div>\n<p>&nbsp;<\/p>\n<p>A Funda\u00e7\u00e3o Luso-Americana para o Desenvolvimento (FLAD) tem como prioridade proteger a privacidade de todos os utilizadores do seu website, tendo, para o efeito, preparado a presente pol\u00edtica de privacidade.<\/p>\n<p>Em particular, o tratamento de dados pessoais realizado pela FLAD rege-se pelos seguintes princ\u00edpios: licitude, lealdade e transpar\u00eancia no tratamento dos dados; limita\u00e7\u00e3o das finalidades; minimiza\u00e7\u00e3o dos dados; exatid\u00e3o; limita\u00e7\u00e3o de conserva\u00e7\u00e3o; integridade e confidencialidade e responsabilidade.<\/p>\n<p>Com o intuito de assegurar o seu compromisso pela privacidade dos seus utilizadores, a FLAD adotou as melhores pr\u00e1ticas de seguran\u00e7a e de prote\u00e7\u00e3o dos dados pessoais, nos termos melhores descritos abaixo.<\/p>\n<p>Por conseguinte, de forma a garantir que todos os dados pessoais s\u00e3o tratados e protegidos de acordo com o Regulamento Geral de Prote\u00e7\u00e3o de Dados, pedimos-lhe que leia a nossa pol\u00edtica de privacidade e de prote\u00e7\u00e3o de dados com a m\u00e1xima aten\u00e7\u00e3o.<\/p>\n<p>\u00c9 fundamental que leia e d\u00ea o seu consentimento expresso para manuten\u00e7\u00e3o e tratamento dos seus dados pessoais, por forma a autorizar o envio de comunica\u00e7\u00f5es de acordo com as regras aqui definidas.<\/p>\n<p>Adicionalmente, importa informar que o simples acesso ao website da FLAD n\u00e3o implicar\u00e1, necessariamente, recolha dos seus dados pessoais.<\/p>\n<h2 class=\"wp-block-heading\"><\/h2>\n<h3>Cap\u00edtulo Primeiro<\/h3>\n<h4 class=\"wp-block-heading\">Dados Pessoais<\/h4>\n<h4>I. Quais os dados tratados e como s\u00e3o recolhidos?<\/h4>\n<p>A FLAD apenas recolhe os dados pessoais adequados, pertinentes e limitados ao que \u00e9 estritamente necess\u00e1rio relativamente \u00e0s finalidades para as quais s\u00e3o tratados.<\/p>\n<p>Relativamente a candidatos, fornecedores, parceiros, trabalhadores e colaboradores, a FLAD recolhe os seguintes dados pessoais: dados de identifica\u00e7\u00e3o, profissionais, de atividade profissional, ou de contabilidade, dos pr\u00f3prios, no caso de pessoas singulares ou dos seus representantes, no caso de pessoas coletivas, como o nome, nacionalidade, contacto, dados do cart\u00e3o de cidad\u00e3o, cargo, fun\u00e7\u00f5es, contactos profissionais e quaisquer dados pessoais cujo tratamento seja estritamente necess\u00e1rio \u00e0 execu\u00e7\u00e3o de contrato ou para o cumprimento de obriga\u00e7\u00f5es legais;<\/p>\n<p>No que diz respeito a pedidos de contacto a FLAD recolhe os seguintes dados pessoais: dados de identifica\u00e7\u00e3o como nome, endere\u00e7o de correio eletr\u00f3nico, n\u00famero de telefone ou telem\u00f3vel;<\/p>\n<p>Sobre a subscri\u00e7\u00e3o de\u00a0<em>Newsletter<\/em>\u00a0a FLAD recolhe os seguintes dados pessoais: dados de identifica\u00e7\u00e3o como endere\u00e7o de correio eletr\u00f3nico;<\/p>\n<p>Relativamente a candidaturas a FLAD recolhe os seguintes dados pessoais: dados de identifica\u00e7\u00e3o como nome, endere\u00e7o de correio eletr\u00f3nico e quaisquer dados constantes de curriculum.<\/p>\n<p>Os dados pessoais s\u00e3o recolhidos por diversos meios, nomeadamente, atrav\u00e9s do preenchimento dos formul\u00e1rios constantes do website da FLAD, do envio de mensagens de correio eletr\u00f3nico, de contactos telef\u00f3nicos, da entrega de cart\u00e3o pessoal, do pedido de propostas, do envio de candidaturas profissionais, da contrata\u00e7\u00e3o dos servi\u00e7os da ou pela FLAD.<\/p>\n<p>A FLAD apenas poder\u00e1 tratar dados de sa\u00fade se devidamente mandatada para o efeito e apenas com o consentimento dos titulares dos dados.<\/p>\n<p>&nbsp;<\/p>\n<h4 class=\"wp-block-heading\">II. Respons\u00e1vel pelo tratamento de dados pessoais<\/h4>\n<p>A Funda\u00e7\u00e3o Luso-Americana para o Desenvolvimento, funda\u00e7\u00e3o de direito privado e utilidade p\u00fablica, com o NIPC 501 526 307, com sede na Rua do Sacramento \u00e0 Lapa, n.\u00ba 21, 1249-090 Lisboa, \u00e9 a entidade respons\u00e1vel pela recolha e tratamento dos dados pessoais para as finalidades indicadas nesta pol\u00edtica de privacidade.<\/p>\n<p>Se considerar que a informa\u00e7\u00e3o constante da presente pol\u00edtica de privacidade n\u00e3o est\u00e1 suficientemente esclarecedora, ou por qualquer outro motivo que considere relevante, entre em contacto connosco atrav\u00e9s do e-mail:\u00a0<a href=\"mailto:fladport@flad.pt\">fladport@flad.pt<\/a>.<\/p>\n<p>Para contactar o respons\u00e1vel pelas mat\u00e9rias da prote\u00e7\u00e3o de dados na FLAD envie um email para:\u00a0<a href=\"mailto:dados@flad.pt\">dados@flad.pt<\/a>.<\/p>\n<p><strong>\u00a0<\/strong><\/p>\n<h4>III. Qual o fundamento jur\u00eddico e com que finalidades s\u00e3o tratados os dados pessoais?<\/h4>\n<p>Os fundamentos jur\u00eddicos para o tratamento de dados pessoais de candidatos, fornecedores, parceiros, trabalhadores e colaboradores, s\u00e3o a execu\u00e7\u00e3o de contrato e o cumprimento de obriga\u00e7\u00f5es jur\u00eddicas, conforme previsto nas al\u00edneas b) e c) do n.\u00ba 1 do artigo 6.\u00ba do RGPD.<\/p>\n<p>O tratamento dos dados pessoais de candidatos, fornecedores, parceiros, trabalhadores e colaboradores, destina-se a quaisquer finalidades diretamente relacionadas com a execu\u00e7\u00e3o dos respetivos contratos ou com o cumprimento de obriga\u00e7\u00f5es jur\u00eddicas, nomeadamente, recrutamento, contrata\u00e7\u00e3o, gest\u00e3o contratual, gest\u00e3o de trabalhos, contabilidade, atividade comercial, gest\u00e3o de candidatos, comunica\u00e7\u00e3o, rece\u00e7\u00e3o de propostas, presta\u00e7\u00e3o de servi\u00e7os.<\/p>\n<p>O tratamento de dados pessoais para finalidades distintas das referidas, nomeadamente dos dados pessoais recolhidos atrav\u00e9s do website da FLAD ou na sequ\u00eancia do envio de mensagens de correio eletr\u00f3nico com pedidos de contacto, depende do consentimento dos titulares dos dados, conforme previsto na al\u00ednea a) do artigo 6.\u00ba do RGPD.<\/p>\n<p>O tratamento de dados pessoais recolhidos atrav\u00e9s do website ou do endere\u00e7o eletr\u00f3nico da FLAD destina-se \u00e0 resposta a pedidos de contacto, nomeadamente envio de propostas\/or\u00e7amentos e outras informa\u00e7\u00f5es sobre a promo\u00e7\u00e3o de coopera\u00e7\u00e3o cient\u00edfica, t\u00e9cnica, cultural, educativa, comercial e empresarial, envio de comunica\u00e7\u00f5es de marketing como seja newsletters, informa\u00e7\u00f5es sobre eventos ou outras atividades afins e recrutamento.<\/p>\n<p>&nbsp;<\/p>\n<h4>IV. Conserva\u00e7\u00e3o dos dados pessoais<\/h4>\n<p>A FLAD apenas conserva dados pessoais de uma forma que permita a identifica\u00e7\u00e3o dos titulares dos dados durante o per\u00edodo estritamente necess\u00e1rio \u00e0 realiza\u00e7\u00e3o das finalidades para as quais s\u00e3o tratados, sem preju\u00edzo da necessidade de conserva\u00e7\u00e3o por per\u00edodo superior para efeitos do cumprimento de obriga\u00e7\u00f5es legais.<strong>\u00a0<\/strong><\/p>\n<p>Assim, importa esclarecer que os dados pessoais referentes ao recrutamento e sele\u00e7\u00e3o de candidatos poder\u00e3o ser conservados durante o per\u00edodo necess\u00e1rio ao cumprimento da finalidade (por exemplo, caso um candidato integre projetos da FLAD, os seus dados pessoais estar\u00e3o a ser tratados de acordo com a finalidade de gest\u00e3o de recursos humanos; caso n\u00e3o integre, poder\u00e3o ser mantidos em reserva para futuros processos de recrutamento durante 1 ano, sem preju\u00edzo do direito do titular solicitar a elimina\u00e7\u00e3o dos seus dados, a qualquer momento).<\/p>\n<p>No caso dos pedidos efetuados atrav\u00e9s do formul\u00e1rio de contacto, os dados pessoais s\u00e3o eliminados ap\u00f3s resposta ao pedido de contacto e, de qualquer forma, sempre ap\u00f3s 6 meses, a contar da submiss\u00e3o do pedido de contacto.<\/p>\n<p>No caso de dados pessoais recolhidos a partir da subscri\u00e7\u00e3o de Newsletters os dados pessoais s\u00e3o eliminados ap\u00f3s 6 meses, a contar da data do pedido de elimina\u00e7\u00e3o da subscri\u00e7\u00e3o.<\/p>\n<p>No entanto, para cumprimento de obriga\u00e7\u00f5es legais relativas \u00e0 conserva\u00e7\u00e3o de livros, registos contabil\u00edsticos e respetivos documentos de suporte, os dados pessoais poder\u00e3o ser conservados para efeitos de arquivo, durante o prazo de 12 anos, nos termos do art. 123.\u00ba, n.\u00ba 4, do C\u00f3digo de Imposto sobre o Rendimento das Pessoas Coletivas.<\/p>\n<p>&nbsp;<\/p>\n<h4>V. Direitos do titular dos dados pessoais<\/h4>\n<p>A FLAD garante ao utilizador, a qualquer momento, o direito de acesso aos seus dados pessoais, bem como a respetiva retifica\u00e7\u00e3o, elimina\u00e7\u00e3o, portabilidade, limita\u00e7\u00e3o e\/ou oposi\u00e7\u00e3o ao tratamento.<\/p>\n<p>Para o efeito, poder\u00e1 exercer qualquer destes direitos dirigindo-se, por escrito, \u00e0 FLAD atrav\u00e9s da morada da sede ou atrav\u00e9s do seguinte correio eletr\u00f3nico\u00a0<a href=\"mailto:dados@flad.pt\">dados@flad.pt<\/a>.<\/p>\n<p>Adicionalmente, o utilizador poder\u00e1 sempre apresentar as reclama\u00e7\u00f5es que entender necess\u00e1rios junto da autoridade competente para o efeito.<\/p>\n<p>&nbsp;<\/p>\n<h4>VI. Direito ao esquecimento<\/h4>\n<p>O titular dos dados pessoais tem o direito de obter, do respons\u00e1vel pelo seu tratamento, a elimina\u00e7\u00e3o dos seus dados pessoais, que, por sua vez, ter\u00e1 a obriga\u00e7\u00e3o de os eliminar, sempre que seja aplic\u00e1vel um dos seguintes motivos:<\/p>\n<p>(i) os dados deixaram de ser necess\u00e1rios para a finalidade que motivou a sua recolha ou tratamento;<\/p>\n<p>(ii) o titular retira o consentimento, quando o consentimento \u00e9 a base legal ou o titular op\u00f5e-se ao tratamento e n\u00e3o existem interesses leg\u00edtimos prevalecentes que justifiquem a sua manuten\u00e7\u00e3o.<\/p>\n<p>&nbsp;<\/p>\n<h4>VII. Seguran\u00e7a no tratamento de dados pessoais<\/h4>\n<p>A FLAD empenha-se na implementa\u00e7\u00e3o de todas as precau\u00e7\u00f5es necess\u00e1rias para preservar a confidencialidade e seguran\u00e7a dos dados pessoais recolhidos e tratados. Nesta medida, foram desenvolvidas medidas de seguran\u00e7a t\u00e9cnicas e organizacionais, especialmente no que diz respeito a sistemas de informa\u00e7\u00e3o.<\/p>\n<p>A FLAD informa que as referidas medidas de seguran\u00e7a s\u00e3o revistas e atualizadas consoante as necessidades e exig\u00eancias destas mat\u00e9rias.<\/p>\n<p>Caso se verifique, por algum motivo, uma viola\u00e7\u00e3o da seguran\u00e7a que provoque, de modo acidental ou il\u00edcito, a destrui\u00e7\u00e3o, a perda, a altera\u00e7\u00e3o, a divulga\u00e7\u00e3o ou o acesso, n\u00e3o autorizados aos dados pessoais, a FLAD compromete-se, nos termos da legisla\u00e7\u00e3o aplic\u00e1vel, a comunicar junto da Comiss\u00e3o Nacional de Prote\u00e7\u00e3o de Dados, sem demora justificada e, sempre que poss\u00edvel, at\u00e9 72 horas ap\u00f3s ter tido conhecimento de tal ocorr\u00eancia. A FLAD compromete-se ainda a comunicar a viola\u00e7\u00e3o dos dados pessoais ao respetivo titular dos seus dados, em conformidade com a legisla\u00e7\u00e3o aplic\u00e1vel.<\/p>\n<p>Adicionalmente, n\u00e3o obstante as medidas de seguran\u00e7a adotadas pela FLAD, importa salientar e alertar que os utilizadores dever\u00e3o, tamb\u00e9m, adotar medidas adicionais de seguran\u00e7a, designadamente, assegurar a exist\u00eancia de uma firewall ativa, antiv\u00edrus e anti-spyware atualizados.<\/p>\n<p>&nbsp;<\/p>\n<h4>VIII. Transmiss\u00e3o e comunica\u00e7\u00e3o dos dados pessoais a entidades terceiras<\/h4>\n<p>A FLAD apenas transmite dados pessoais a terceiros, nos casos em que tal seja necess\u00e1rio \u00e0 promo\u00e7\u00e3o de coopera\u00e7\u00e3o cient\u00edfica, t\u00e9cnica, cultural, educativa, comercial e empresarial ou ao cumprimento de obriga\u00e7\u00f5es legais a que a FLAD esteja sujeita, escolhidos mediante o cumprimento de elevados requisitos e que ficam adstritos ao cumprimento das normas legais aplic\u00e1veis em mat\u00e9ria de prote\u00e7\u00e3o de dados pessoais.<\/p>\n<p>Essa transmiss\u00e3o, quando devida para cumprimento do seu fim social ou de obriga\u00e7\u00f5es legais a que a FLAD esteja sujeita ou em consequ\u00eancia do consentimento do titular dos dados, \u00e9 feita com limita\u00e7\u00e3o dos dados transmitidos ao estritamente necess\u00e1rio ao cumprimento de tais obriga\u00e7\u00f5es e mediante as adequadas medidas de seguran\u00e7a. N\u00e3o ser\u00e3o transmitidos em qualquer outro caso dados pessoais sem a autoriza\u00e7\u00e3o do titular dos dados.<\/p>\n<p>No \u00e2mbito da sua atividade, a FLAD poder\u00e1 recorrer a terceiros para promover a coopera\u00e7\u00e3o cient\u00edfica, t\u00e9cnica, cultural, educativa, comercial e empresarial (localizados por exemplo em Portugal ou nos Estados Unidos da Am\u00e9rica), o que poder\u00e1 implicar, em algumas situa\u00e7\u00f5es, o acesso, por tais entidades, aos dados pessoais dos utilizadores.<\/p>\n<p>Desta forma, a FLAD compromete-se a adotar as medidas necess\u00e1rias e adequadas, por forma a assegurar que as entidades que tenham acesso a tais dados pessoais, sejam reputadas e ofere\u00e7am elevadas garantias a este n\u00edvel, o que ficar\u00e1 devidamente consagrado e acautelado em contrato a celebrar, por escrito, entre a FLAD e a(s) terceira(s) entidade(s).<\/p>\n<p>Consequentemente, qualquer entidade subcontratada pela FLAD tratar\u00e1 os dados pessoais dos utilizadores, em seu nome e por sua conta no compromisso de adotar as medidas t\u00e9cnicas e organizacionais necess\u00e1rias por forma a proteger os dados pessoais contra a destrui\u00e7\u00e3o, acidental ou il\u00edcita, a perda acidental, a altera\u00e7\u00e3o, a difus\u00e3o ou o acesso n\u00e3o autorizado e contra qualquer outra forma de tratamento il\u00edcito.<\/p>\n<p>No entanto, a FLAD permanecer\u00e1 respons\u00e1vel pelo tratamento dos dados pessoais.<\/p>\n<p>Sempre que necess\u00e1rio, e no \u00e2mbito da contrata\u00e7\u00e3o de terceiros pela FLAD, os dados pessoais poder\u00e3o ser transferidos para fora da Uni\u00e3o Europeia, nos termos e condi\u00e7\u00f5es permitidos pela legisla\u00e7\u00e3o aplic\u00e1vel.<\/p>\n<p>&nbsp;<\/p>\n<h4>IX. Acesso a websites de terceiros<\/h4>\n<p>A nossa pol\u00edtica de privacidade n\u00e3o \u00e9 aplic\u00e1vel a websites de terceiros. Assim, sempre que visitar outro website a partir deste, dever\u00e1 ler a pol\u00edtica de privacidade aplic\u00e1vel e verificar se concorda com os seus termos antes de facultar os seus dados pessoais.<\/p>\n<p>A FLAD n\u00e3o se responsabiliza pela pol\u00edtica de privacidade aplic\u00e1vel nem pelos conte\u00fados disponibilizados nos websites de terceiros.<\/p>\n<p>&nbsp;<\/p>\n<h4>X. Altera\u00e7\u00f5es \u00e0 pol\u00edtica de privacidade<\/h4>\n<p>A FLAD reserva-se ao direito de, a qualquer momento, proceder a altera\u00e7\u00f5es \u00e0 presente pol\u00edtica de privacidade, sendo certo que tais altera\u00e7\u00f5es ser\u00e3o devidamente publicadas no presente website.<\/p>\n<p>&nbsp;<\/p>\n<h3><strong>Cap\u00edtulo Segundo<\/strong><\/h3>\n<h4>Pol\u00edtica de Cookies<\/h4>\n<h4>I. Defini\u00e7\u00e3o<\/h4>\n<p>Por cookies devem ser entendidos ficheiros inform\u00e1ticos que cont\u00eam uma sequ\u00eancia de n\u00fameros e letras que permitem identificar de forma \u00fanica o dispositivo de acesso \u00e0 internet do utilizador, embora possam conter outras informa\u00e7\u00f5es tais como as prefer\u00eancias de navega\u00e7\u00e3o do utilizador num determinado site. Os cookies s\u00e3o descarregados atrav\u00e9s do browser para o dispositivo de acesso \u00e0 internet (computador, telem\u00f3vel, tablet, etc.) do utilizador quando acede a determinados sites.<\/p>\n<p>O armazenamento de cookies \u00e9 realizado pelos equipamentos de acesso atrav\u00e9s do navegador (<em>browser<\/em>), que ret\u00e9m apenas informa\u00e7\u00e3o relacionada com as prefer\u00eancias, n\u00e3o incluindo, como tal, os dados pessoais.<\/p>\n<p><strong>\u00a0<\/strong><\/p>\n<h4>II. Utiliza\u00e7\u00e3o de cookies<\/h4>\n<p>Este website utiliza\u00a0<em>cookies<\/em>\u00a0para melhorar o seu servi\u00e7o. Alguns cookies s\u00e3o essenciais para garantir as funcionalidades disponibilizadas, enquanto outros s\u00e3o destinados a melhorar o desempenho e a experi\u00eancia do utilizador.\u00a0Os cookies servem para ajudar a determinar a utilidade, interesse e o n\u00famero de utiliza\u00e7\u00f5es dos websites, permitindo uma navega\u00e7\u00e3o mais r\u00e1pida e eficiente, eliminando a necessidade de introduzir repetidamente as mesmas informa\u00e7\u00f5es.<\/p>\n<p>Este website utiliza cookies para distinguir os seus utilizadores. A FLAD recolhe informa\u00e7\u00f5es padr\u00e3o de registo na Internet, incluindo o endere\u00e7o IP do utilizador, o tipo e o idioma do navegador, os hor\u00e1rios de acesso e os endere\u00e7os dos sites de refer\u00eancia. Para garantir que o nosso site seja bem gerido e para facilitar a navega\u00e7\u00e3o a FLAD, ou os seus prestadores de servi\u00e7o tamb\u00e9m podem usar cookies (pequenos arquivos de texto armazenados no navegador do usu\u00e1rio) ou web beacons (imagens eletr\u00f3nicas que permitem ao nosso site contar os visitantes que acedem a um site e a certos cookies) para recolher dados agregados.<\/p>\n<p>N\u00e3o dever\u00e1 continuar a aceder ao nosso website, ap\u00f3s o alerta sobre os cookies, se n\u00e3o concordar com a sua utiliza\u00e7\u00e3o.<\/p>\n<p>&nbsp;<\/p>\n<h4>III. Tipologia de cookies<\/h4>\n<p>Existem dois grupos cookies que podem ser utilizados:<\/p>\n<p><strong>Cookies permanentes \u2013<\/strong>\u00a0s\u00e3o cookies que ficam armazenados ao n\u00edvel do browser nos equipamentos de acesso (PC, mobile e tablet) e que s\u00e3o utilizados sempre que o utilizar efetua uma nova visita a um dos websites da FLAD. S\u00e3o utilizados, geralmente, para direcionar a navega\u00e7\u00e3o aos interesses do utilizador, permitindo prestar um servi\u00e7o mais personalizado.<\/p>\n<p><strong>Cookies de sess\u00e3o \u2013<\/strong>\u00a0s\u00e3o cookies tempor\u00e1rios que permanecem no arquivo de cookies do browser at\u00e9 sair do\u00a0<em>website<\/em>. A informa\u00e7\u00e3o obtida por estes cookies serve para analisar padr\u00f5es de tr\u00e1fego na web, permitindo identificar problemas e fornecer uma melhor experi\u00eancia de navega\u00e7\u00e3o.<\/p>\n<p>&nbsp;<\/p>\n<h4>IV. Finalidades da utiliza\u00e7\u00e3o de cookies<\/h4>\n<p><strong>Cookies estritamente necess\u00e1rios \u2013<\/strong>\u00a0Permitem a navega\u00e7\u00e3o no website e utiliza\u00e7\u00e3o das aplica\u00e7\u00f5es, bem como aceder a \u00e1reas seguras do website. Sem estes cookies, os servi\u00e7os requeridos n\u00e3o podem ser prestados.<\/p>\n<p><strong>Cookies anal\u00edticos \u2013<\/strong>\u00a0S\u00e3o utilizados anonimamente para efeitos de cria\u00e7\u00e3o e an\u00e1lise de estat\u00edsticas, no sentido de melhorar o funcionamento do website.<\/p>\n<p><strong>Cookies de funcionalidade \u2013<\/strong>\u00a0Guardam as prefer\u00eancias do utilizador relativamente \u00e0 utiliza\u00e7\u00e3o do site, para que n\u00e3o seja necess\u00e1rio voltar a configurar o site cada vez que o visita.<\/p>\n<p><strong>Cookies de terceiros \u2013<\/strong>\u00a0Medem o sucesso de aplica\u00e7\u00f5es e a efic\u00e1cia da publicidade de terceiros. Podem tamb\u00e9m ser utilizados no sentido da personaliza\u00e7\u00e3o da publicidade com dados do utilizador.<\/p>\n<p><strong>Cookies de publicidade \u2013<\/strong>\u00a0Direcionam a publicidade em fun\u00e7\u00e3o dos interesses de cada utilizador, por forma a direcionar as campanhas publicit\u00e1rias tendo em conta os gostos dos utilizadores, sendo que, al\u00e9m disso, limitam a quantidade de vezes que v\u00ea o an\u00fancio, ajudando a medir a efic\u00e1cia da publicidade e o sucesso da organiza\u00e7\u00e3o do website.<\/p>\n<p>&nbsp;<\/p>\n<h4>V. Gest\u00e3o de cookies<\/h4>\n<p>Todos os browsers permitem ao utilizador aceitar, recusar ou apagar cookies, e ainda informar o utilizador sempre que um cookie \u00e9 recebido, nomeadamente atrav\u00e9s da sele\u00e7\u00e3o das defini\u00e7\u00f5es apropriadas no respetivo navegador. O utilizador pode configurar os cookies no menu (ex. \u201cop\u00e7\u00f5es\u201d ou \u201cprefer\u00eancias\u201d) do seu browser.<\/p>\n<p>A desativa\u00e7\u00e3o de cookies pode, contudo, impedir que alguns servi\u00e7os da web funcionem corretamente, afetando, parcial ou totalmente, a navega\u00e7\u00e3o no website.<\/p>\n<p><strong>\u00a0<\/strong><\/p>\n<h4>VI. Actualiza\u00e7\u00e3o \u00e0 pol\u00edtica de cookies<\/h4>\n<p>A FLAD reserva-se ao direito de, a qualquer momento, proceder a altera\u00e7\u00f5es \u00e0 presente pol\u00edtica de cookies, sendo certo que tais altera\u00e7\u00f5es ser\u00e3o devidamente publicadas no presente website.<\/p>\n<p>&nbsp;<\/p>\n<h4>VII. Contacto<\/h4>\n<p>Caso pretenda colocar quest\u00f5es ou queixas relacionadas com a Pol\u00edtica de Cookies, poder\u00e1 faz\u00ea-lo atrav\u00e9s do e-mail\u00a0<a href=\"mailto:fladport@flad.pt\">fladport@flad.pt<\/a>.<\/p>\n<p>[\/et_pb_text][\/et_pb_column][\/et_pb_row][\/et_pb_section]<\/p>\n","protected":false},"excerpt":{"rendered":"<p>Pol\u00edtica de Privacidade Pol\u00edtica de Privacidade e Cookies &nbsp; A Funda\u00e7\u00e3o Luso-Americana para o Desenvolvimento (FLAD) tem como prioridade proteger a privacidade de todos os utilizadores do seu website, tendo, para o efeito, preparado a presente pol\u00edtica de privacidade. Em particular, o tratamento de dados pessoais realizado pela FLAD rege-se pelos seguintes princ\u00edpios: licitude, lealdade [&hellip;]<\/p>\n","protected":false},"author":2,"featured_media":0,"parent":0,"menu_order":0,"comment_status":"closed","ping_status":"closed","template":"","meta":{"_et_pb_use_builder":"on","_et_pb_old_content":"","_et_gb_content_width":"","_monsterinsights_skip_tracking":false,"_monsterinsights_sitenote_active":false,"_monsterinsights_sitenote_note":"","_monsterinsights_sitenote_category":0,"footnotes":""},"class_list":["post-422","page","type-page","status-publish","hentry"],"jetpack_sharing_enabled":true,"_links":{"self":[{"href":"https:\/\/eventos.flad.pt\/en\/wp-json\/wp\/v2\/pages\/422","targetHints":{"allow":["GET"]}}],"collection":[{"href":"https:\/\/eventos.flad.pt\/en\/wp-json\/wp\/v2\/pages"}],"about":[{"href":"https:\/\/eventos.flad.pt\/en\/wp-json\/wp\/v2\/types\/page"}],"author":[{"embeddable":true,"href":"https:\/\/eventos.flad.pt\/en\/wp-json\/wp\/v2\/users\/2"}],"replies":[{"embeddable":true,"href":"https:\/\/eventos.flad.pt\/en\/wp-json\/wp\/v2\/comments?post=422"}],"version-history":[{"count":5,"href":"https:\/\/eventos.flad.pt\/en\/wp-json\/wp\/v2\/pages\/422\/revisions"}],"predecessor-version":[{"id":427,"href":"https:\/\/eventos.flad.pt\/en\/wp-json\/wp\/v2\/pages\/422\/revisions\/427"}],"wp:attachment":[{"href":"https:\/\/eventos.flad.pt\/en\/wp-json\/wp\/v2\/media?parent=422"}],"curies":[{"name":"wp","href":"https:\/\/api.w.org\/{rel}","templated":true}]}}